{"id":229,"date":"2021-02-26T21:34:40","date_gmt":"2021-02-26T20:34:40","guid":{"rendered":"https:\/\/cologneweb.com\/AbisZ\/?page_id=229"},"modified":"2025-02-19T20:17:53","modified_gmt":"2025-02-19T19:17:53","slug":"st-ursula-stadtpatronin-von-koeln","status":"publish","type":"page","link":"https:\/\/cologneweb.com\/AbisZ\/service\/st-ursula-stadtpatronin-von-koeln\/","title":{"rendered":"St. Ursula &#8211; Stadtpatronin von K\u00f6ln"},"content":{"rendered":"<div class=\"wp-block-image is-style-default\">\n<figure class=\"aligncenter size-medium\"><a href=\"https:\/\/cologneweb.com\/AbisZ\/wp-content\/uploads\/2021\/02\/ursula_01.jpg\"><img loading=\"lazy\" decoding=\"async\" width=\"225\" height=\"300\" src=\"https:\/\/cologneweb.com\/AbisZ\/wp-content\/uploads\/2021\/02\/ursula_01-225x300.jpg\" alt=\"Sankt Ursula im K\u00f6lner Dom\" class=\"wp-image-231\" srcset=\"https:\/\/cologneweb.com\/AbisZ\/wp-content\/uploads\/2021\/02\/ursula_01-225x300.jpg 225w, https:\/\/cologneweb.com\/AbisZ\/wp-content\/uploads\/2021\/02\/ursula_01-768x1024.jpg 768w, https:\/\/cologneweb.com\/AbisZ\/wp-content\/uploads\/2021\/02\/ursula_01-1152x1536.jpg 1152w, https:\/\/cologneweb.com\/AbisZ\/wp-content\/uploads\/2021\/02\/ursula_01.jpg 1200w\" sizes=\"auto, (max-width: 225px) 85vw, 225px\" \/><\/a><figcaption class=\"wp-element-caption\">Sankt Ursula im K\u00f6lner Dom<\/figcaption><\/figure>\n<\/div>\n\n\n<p class=\"has-drop-cap\">Ursula war der Legende nach die fromme Tochter des K\u00f6nigs der Bretagne, Maurus. Der K\u00f6nig von England h\u00f6rte von ihrer gro\u00dfen Tugend, Weisheit und Sch\u00f6nheit und wollte, da\u00df sie seinen einzigen Sohn, Conanus, heiraten sollte. So reisten Gesandte zum Hofe des K\u00f6nigs Maurus. Als sie merkten, da\u00df der K\u00f6nig wenig Lust hatte, seine Tochter mit einem Heiden zu verm\u00e4hlen, lie\u00dfen sie den h\u00f6flichen Bitten schwere Drohungen folgen. Da hatte Ursula eine g\u00f6ttliche Eingebung. Sie stellte folgende Bedingungen f\u00fcr eine Heirat: Conanus sollte sich taufen lassen und ihr eine Frist von drei Jahren bis zur Hochzeit gew\u00e4hren; innerhalb dieser Zeit wollte sie auf eine Pilgerfahrt gehen, bei der zehn vom englischen K\u00f6nig und ihrem Vater ausgew\u00e4hlte Jungfrauen sie begleiten w\u00fcrden; ihr und jeder der anderen zehn Jungfrauen sollten sich noch einmal je tausend weitere zugesellen, die sich dann alle zusammen nach Rom begeben w\u00fcrden. <\/p>\n\n\n\n<p>Da sich Conanus mit den Bedingungen Ursulas einverstanden erkl\u00e4rte, traten die Elftausend bei g\u00fcnstigem Wind ihre Reise an. In K\u00f6ln angelangt, erschien Ursula im Traum ein Engel, der ihr auftrug, von Rom nach K\u00f6ln zur\u00fcckzukehren, da es ihr und ihren Begleiterinnen bestimmt sei, hier den M\u00e4rtyrertod zu erleiden. In Rom schlossen sich unter dem Eindruck der gro\u00dfen Fr\u00f6mmigkeit Ursulas der Papst und noch einige andere dem Pilgerzug an. <\/p>\n\n\n<div class='yrm-content yrm-content-1 yrm-content-hide  ' id='yrm-EqHKr' data-id='1' data-show-status='false' data-after-action='' style=\"visibility: hidden;height: 0;\">\n\t\t\t<div id='yrm-inner-content-yrm-EqHKr' class='yrm-inner-content-wrapper yrm-cntent-1'><\/p>\n\n\n<p>Zwei heidnische, r\u00f6mische Heerf\u00fchrer f\u00fcrchteten den Siegeszug des Christentums, als sie diese gewaltige Pilgerschar sahen. Darum sandten sie Boten zu den Hunnen. Dieser barbarische Volksstamm sollte Ursulas Gesellschaft vor K\u00f6ln abfangen und t\u00f6ten. Inzwischen war auch dem Conanus ein Engel erschienen, der ihm auftrug, er solle seiner Braut entgegenreisen, was er auch tat. In Mainz stie\u00df er zu der Schar der Jungfrauen und wurde in dieser Stadt auf den Namen Aetherius getauft. Von dort ging die Reise wie vorgesehen weiter bis nach K\u00f6ln, wo sich das Schicksal der Pilger erf\u00fcllte. <\/p>\n\n\n\n<p>Wie die W\u00f6lfe &nbsp;\u00fcber die L\u00e4mmer, so fielen die Hunnen &nbsp;\u00fcber die frommen Frauen und ihre Gefolgschaft her. Ursula &nbsp;\u00fcberlebte zun\u00e4chst das Blutbad, weil der Hunnenk\u00f6nig Attila von ihrer gro\u00dfen Sch\u00f6nheit beeindruckt war. Doch als sie das Angebot, seine Frau zu werden, emp\u00f6rt ausschlug, lie\u00df der beleidigte K\u00f6nig sie mit einem Pfeil erschie\u00dfen. <\/p>\n\n\n\n<p>Eine weitere Jungfrau, Cordula, hatte das Gemetzel zun\u00e4chst &nbsp;\u00fcberlebt, weil sie sich aus Angst in einem der Schiffe versteckt hatte. Dort blieb sie bis zum andern Tag. Dann hatte auch sie Mut gefa\u00dft, und stellte sich nun ebenfalls dem M\u00e4rtyrertod. Nach ihrer Ermordung sollen Engelsheere die Hunnen von K\u00f6ln vertrieben haben. Die K\u00f6lner sammelten daraufhin die Toten und begruben sie in allen Ehren.<br>Soweit die g\u00e4ngige Version dieser sch\u00f6nen Legende.<\/p>\n\n\n\n<p>Im 12. Jahrhundert fand man in der N\u00e4he der (erst sp\u00e4ter gebauten) romanischen Kirche St. Ursula eine Gr\u00e4berst\u00e4tte, von der man annahm, es sei die der hl. Ursula und ihrer Gef\u00e4hrten. Tats\u00e4chlich handelte es sich aber um ein r\u00f6misches Gr\u00e4berfeld.<\/p>\n\n\n\n<p>Es entstand ein ausgesprochener Heiligenkult, in dessen Folge man begann, die zahlreichen Gebeine als Reliqien zu verkaufen. Dieser Verkauf war eigentlich nicht erlaubt, aber die K\u00f6lner hatten ein eintr\u00e4gliches Hintert\u00fcrchen entdeckt: Man brauchte die Knochen nur in ein Reliquiar, einen Reliqienbeh\u00e4lter also, zu legen, und schon hatte der Handel auch den Segen der Kirche. Daraus entwickelte sich ein regelrechter &#8222;Exportschlager&#8220;. Man fertigte aus Holz M\u00e4dchenb\u00fcsten, die typische &#8222;Rheinm\u00e4del&#8220; darstellten, rundlich, mit rosigen Wangen und oft einem verschmitzten L\u00e4cheln auf den Lippen. Vorne haben diese B\u00fcsten eine \u00d6ffnung, durch die man die kostbar umh\u00fcllten Reliquien sehen konnte. Und besonders liebe Freunde des K\u00f6lner Klerus erhielten auch schon einmal eine oder sogar mehrere &#8222;ganze&#8220; Jungfrauen zum Geschenk!<\/p>\n\n\n\n<p>Erst 1393 setzte der Papst selber dem Treiben der K\u00f6lner ein j\u00e4hes Ende: er verbot die weitere Ausfuhr von K\u00f6lner Ursulareliquien, weil er bef\u00fcrchtete, da\u00df die K\u00f6lner sonst selbst bald keine mehr h\u00e4tten. Tatsache ist, da\u00df zu dieser Zeit bereits ca. 12.000 Ursulareliquien in Umlauf waren (von denen heute noch ca. 3.000 existieren).<\/p>\n\n\n\n<p>Ursula war im Mittelalter die Schutzpatronin der K\u00f6lner Tuchh\u00e4ndler, einem der eintr\u00e4glichsten Wirtschaftszweige der Stadt, und wurde im weieren Verlauf auch zur Stadtpatronin erhoben. Auf dem <a href=\"https:\/\/www.cologneweb.com\/wappen.htm\">Stadtwappen<\/a> wird sie noch heute durch ein wei\u00dfes Feld mit elf schwarzen Tropfen oder Flammen repr\u00e4sentiert. In Wirklichkeit handelt es sich weder um Tropfen noch um Flammen. Das bretonische Wappen besteht aus Hermelinpelz. Deshalb zeigt das K\u00f6lner Wappen einen wei\u00dfen Hermelinpelz mit elf schwarzen Hermelinschw\u00e4nzen.<\/p>\n\n\n\n<p>In der romanischen Kirche St. Ursula, die &nbsp;\u00fcber dieser Gr\u00e4berst\u00e4tte erbaut wurde, findet sich eine Inschrift aus fr\u00fchchristlicher Zeit, die bezeugt, da\u00df an dieser Stelle tats\u00e4chlich Jungfrauen das Martyrium erlitten haben. Diese sogenannte Clematius-Inschrift wird heute zusammen mit der Tatsache, da\u00df man bei arch\u00e4ologischen Grabungen schon f\u00fcr das 4. Jahrhundert eine r\u00f6mische Basilika an dieser Stelle nachweisen konnte, im allgemeinen als Beweis daf\u00fcr gewertet, da\u00df die Legende zumindest auf einen wahren Kern zur\u00fcckgeht. <\/p>\n\n\n<div class=\"wp-block-image is-style-default\">\n<figure class=\"alignright size-medium\"><img loading=\"lazy\" decoding=\"async\" width=\"218\" height=\"300\" src=\"https:\/\/cologneweb.com\/AbisZ\/wp-content\/uploads\/2021\/03\/ursula3-218x300.jpg\" alt=\"\" class=\"wp-image-369\" srcset=\"https:\/\/cologneweb.com\/AbisZ\/wp-content\/uploads\/2021\/03\/ursula3-218x300.jpg 218w, https:\/\/cologneweb.com\/AbisZ\/wp-content\/uploads\/2021\/03\/ursula3.jpg 300w\" sizes=\"auto, (max-width: 218px) 85vw, 218px\" \/><\/figure>\n<\/div>\n\n\n<p>Ein gro\u00dfer Teil der Geschichte ist allerdings wohl der Phantasie der mittelalterlichen Erz\u00e4hler zuzuschreiben, denn nicht einmal der Name der Heiligen ist unumstritten. Die heutige Namensgebung r\u00fchrt wahrscheinlich von der Entdeckung eines fr\u00fchchristlichen Grabsteins eines achtj\u00e4hrigen M\u00e4dchens mit dem Namen Ursula her. Die Anzahl der Heiligen, die ja doch recht erstaunlich ist, geht wahrscheinlich auf einen Lesefehler bei der Entzifferung der auf lateinisch geschriebenen Legende zur\u00fcck: aus der Abk\u00fcrzung &#8222;M&#8220; f\u00fcr &#8222;M\u00e4rtyrerinnen&#8220; machte man einfach ein &#8222;mille&#8220;= &#8222;Tausend&#8220;. (M\u00f6glicherweise wurde dieser &#8222;Fehler&#8220; sogar absichtlich erzeugt, um die &nbsp;\u00fcbergro\u00dfe Anzahl der gefundenen Gebeine zu erkl\u00e4ren!)<\/p>\n\n\n\n<p>Ursula wurde und wird &nbsp;\u00fcbrigens nicht nur bei uns in K\u00f6ln, sondern in vielen L\u00e4ndern dieser Erde verehrt und geh\u00f6rt zu den popul\u00e4rsten Heiligen \u00fcberhaupt. Das hat sicher zum einen damit zu tun, da\u00df ihre Legende viele L\u00e4nder ber\u00fchrt, da Ursula gewisserma\u00dfen durch halb Europa reiste. Zum anderen ist hier aber auch eine &nbsp;\u00e4u\u00dferst romantische, fast balladenhafte Legende entstanden, die mit ihren vielen Identifikationsm\u00f6glichkeiten jeden Zuh\u00f6rer einfach in ihren Bann ziehen mu\u00df. <\/p>\n\n\n\n<p>Auch die Maler des Mittelalters, und nicht zuletzt die der ber\u00fchmten K\u00f6lner Malerschule des Mittelalters (zu der z.B. Stefan Lochner geh\u00f6rte) wurden von der Legende inspiriert. Eine besonders ausf\u00fchrliche Schilderung von Leben und Martyrium der hl. Ursula gibt der 31 Einzelszenen umfassende Bilderzyklus in St. Ursula selbst. Leider ist er nicht mehr vollst\u00e4ndig pr\u00e4sent. Die fehlenden Bilder befinden sich im Wallraf-Richartz-Museum und im Di\u00f6zesan-Museum.<\/p>\n\n\n<div class=\"wp-block-image is-style-default\">\n<figure class=\"alignleft size-medium\"><a href=\"https:\/\/cologneweb.com\/AbisZ\/wp-content\/uploads\/2021\/03\/P9111387.jpg\"><img loading=\"lazy\" decoding=\"async\" width=\"225\" height=\"300\" src=\"https:\/\/cologneweb.com\/AbisZ\/wp-content\/uploads\/2021\/03\/P9111387-225x300.jpg\" alt=\"Die Kirche Sankt Ursula in K\u00f6ln\" class=\"wp-image-367\" srcset=\"https:\/\/cologneweb.com\/AbisZ\/wp-content\/uploads\/2021\/03\/P9111387-225x300.jpg 225w, https:\/\/cologneweb.com\/AbisZ\/wp-content\/uploads\/2021\/03\/P9111387-768x1024.jpg 768w, https:\/\/cologneweb.com\/AbisZ\/wp-content\/uploads\/2021\/03\/P9111387-1152x1536.jpg 1152w, https:\/\/cologneweb.com\/AbisZ\/wp-content\/uploads\/2021\/03\/P9111387.jpg 1200w\" sizes=\"auto, (max-width: 225px) 85vw, 225px\" \/><\/a><figcaption class=\"wp-element-caption\">Die Kirche Sankt Ursula in K\u00f6ln<\/figcaption><\/figure>\n<\/div>\n\n\n<p>Erw\u00e4hnen mu\u00df man hier nat\u00fcrlich auch die &#8222;Goldene Kammer&#8220; in St. Ursula. Sie bildet ein auf diese Art n\u00f6rdlich der Alpen einzigartiges Heiligtum. Dieser Raum, der der Aufbewahrung der unz\u00e4hligen Ursulareliquien dient, entstand 1643. Allerdings wird eine &#8222;g\u00fclden Kamer&#8220; schon 1528 erstmals erw\u00e4hnt. F\u00fcr uns moderne Menschen wirkt dieser Raum zumindest befremdlich, wenn nicht sogar furchterregend. Die Knochen der Heiligen wurden hier wie Mosaiksteine verwendet. Im oberen Wandbereich hat man mit ihnen Ornamente, Inschriften und christliche Symbole gelegt, im unteren Bereich befindet sich in Nischen Reliquienb\u00fcste an Reliquienb\u00fcste, die \u00e4ltesten darunter noch aus dem 13. Jahrhundert. Was uns wie ein Gruselkabinett vorkommt, war jedoch in seiner Entstehungszeit f\u00fcr den Betrachter ein gro\u00dfartiges Heiligtum und Anla\u00df zu frommer Meditation.<br><br>\u00a9 <em>Yvonne Plum<\/em><br><\/p>\n\n\n<p><\/div>\n\t\t<\/div><div class='yrm-btn-wrapper yrm-btn-wrapper-1 yrm-more-button-wrapper  '\n\t\tdata-custom-more-class-name='' data-custom-less-class-name=''><span title='' data-less-title='' data-more-title='' class='yrm-toggle-expand  yrm-toggle-expand-1 ' data-rel='yrm-EqHKr' data-more='Mehr' data-less='Weniger'><span class='yrm-text-wrapper yrm-text-wrapper-custom-dimensions'><span class=\"yrm-button-text-1 yrm-button-text-span\">Mehr<\/span><\/span><\/span><\/div>\n\n\n<h2 class=\"wp-block-heading\" id=\"tid30\">Sagen und Verz\u00e4llcher<\/h2>\n\n\n\n<h3 class=\"wp-block-heading\">Ein Ausflug der etwas anderen Art in die bewegte Geschichte K\u00f6lns<\/h3>\n\n\n<div class=\"wp-block-image is-style-default\">\n<figure class=\"aligncenter size-medium\"><a href=\"https:\/\/cologneweb.com\/AbisZ\/wp-content\/uploads\/2021\/03\/janvonwerth_02.jpg\"><img loading=\"lazy\" decoding=\"async\" width=\"225\" height=\"300\" src=\"https:\/\/cologneweb.com\/AbisZ\/wp-content\/uploads\/2021\/03\/janvonwerth_02-225x300.jpg\" alt=\"Jan und Griet am Jan-von-Werth- Brunnen auf dem Alter Markt\" class=\"wp-image-388\" srcset=\"https:\/\/cologneweb.com\/AbisZ\/wp-content\/uploads\/2021\/03\/janvonwerth_02-225x300.jpg 225w, https:\/\/cologneweb.com\/AbisZ\/wp-content\/uploads\/2021\/03\/janvonwerth_02-768x1024.jpg 768w, https:\/\/cologneweb.com\/AbisZ\/wp-content\/uploads\/2021\/03\/janvonwerth_02-1152x1536.jpg 1152w, https:\/\/cologneweb.com\/AbisZ\/wp-content\/uploads\/2021\/03\/janvonwerth_02.jpg 1200w\" sizes=\"auto, (max-width: 225px) 85vw, 225px\" \/><\/a><figcaption class=\"wp-element-caption\">Jan und Griet am Jan-von-Werth- Brunnen auf dem Alter Markt<\/figcaption><\/figure>\n<\/div>\n\n\n<p class=\"has-drop-cap has-light-gray-background-color has-background\">Entdecken Sie den wahren Kern der Geschichten um Bau- und B\u00fcrgermeister, edle Prinzessinnen und gute Geister! \n<br>Erfahren Sie, warum sie erfunden, erz\u00e4hlt und sogar geglaubt wurden! \n<br>Die F\u00fchrung sp\u00fcrt der Frage nach, was hinter den Legenden aus dem alten K\u00f6ln steckt und warum die Geschichten von Bau- und B\u00fcrgermeistern, edlen Prinzessinnen und guten Geistern dereinst erfunden, erz\u00e4hlt und auch geglaubt wurden. <\/p>\n\n\n\n<p class=\"has-light-gray-background-color has-background\">Die Tour basiert auf der Publikation \u201e<a href=\"https:\/\/buchung.insidecologne.de\/eswareinmal.html\">Es war einmal \u2026<\/a>\u201c der Autorin, Erz\u00e4hlerin und Stadtf\u00fchrerin <a href=\"https:\/\/cologneweb.com\/AbisZ\/service\/literatur\/yvonne-plum\/\" data-type=\"page\" data-id=\"1541\">Yvonne Plum<\/a>. Das Buch ist in unserem <a href=\"https:\/\/cologneweb.com\/AbisZ\/service\/shop\/\">Shop<\/a> erh\u00e4ltlich.<\/p>\n\n\n\n<p class=\"has-light-gray-background-color has-background\">Max. 25 Personen<\/p>\n\n\n\n<p class=\"has-light-gray-background-color has-background\">Dauer: ca. 1,5 Std.<\/p>\n\n\n\n<p class=\"has-light-gray-background-color has-background\">Treffpunkt: Heinzelm\u00e4nnchenbrunnen, Am Hof<\/p>\n\n\n\n<p class=\"has-light-gray-background-color has-background\">Gruppenpreis \u20ac 205,-<\/p>\n\n\n\n<p class=\"has-yellow-background-color has-background\"><a href=\"https:\/\/buchung.insidecologne.de\/de\/buchung?tid=30\" target=\"_blank\" rel=\"noreferrer noopener\">Diese Veranstaltung (Sagen und Verz\u00e4llcher) anfragen oder buchen<\/a><\/p>\n\n\n\n<hr class=\"wp-block-separator has-css-opacity\"\/>\n\n\n\n<h2 class=\"wp-block-heading\" id=\"tid69\">Helden und Heilige\n<\/h2>\n\n\n\n<h3 class=\"wp-block-heading\">Von wilden L\u00f6wen, mutigen B\u00fcrgermeistern und frommen Prinzessinnen<\/h3>\n\n\n<div class=\"wp-block-image is-style-default\">\n<figure class=\"aligncenter size-medium\"><a href=\"https:\/\/insidecologne.de\/wp-content\/uploads\/2021\/03\/3-Altstadt-Rallye5-1.jpg\"><img decoding=\"async\" src=\"https:\/\/insidecologne.de\/wp-content\/uploads\/2021\/03\/3-Altstadt-Rallye5-1-225x300.jpg\" alt=\"Jan und Griet\" class=\"wp-image-1798\"\/><\/a><figcaption class=\"wp-element-caption\">Jan und Griet<\/figcaption><\/figure>\n<\/div>\n\n\n<p class=\"has-drop-cap has-light-gray-background-color has-background\">Eine Entdeckungsreise durch die Welt der Sagen und Legenden  \u00f6ffnet die Augen f\u00fcr manches Erstaunliche: Warum gibt es auch heute noch  Bauger\u00fcste am Dom? Wie sind die Heiligen Drei K\u00f6nige eigentlich nach  K\u00f6ln gekommen? Wof\u00fcr stehen die &#8222;Flammen&#8220; im Stadtwappen? Geschichten  aus der Zeit der Helden und Heiligen geben auf diese und andere Fragen  eine Antwort.<\/p>\n\n\n\n<p class=\"has-light-gray-background-color has-background\">Im Anschluss an die F\u00fchrung k\u00f6nnen die Kinder mit Stra\u00dfenkreide malen. Material stellen wir kostenlos zur Verf\u00fcgung.<\/p>\n\n\n\n<p class=\"has-light-gray-background-color has-background\">Die Tour basiert auf der Publikation &#8222;<a href=\"https:\/\/buchung.insidecologne.de\/eswareinmal.html\">Es war einmal \u2026<\/a>&#8220; der Autorin, Erz\u00e4hlerin und Stadtf\u00fchrerin <a href=\"http:\/\/yvonneplum.de\" target=\"_blank\" rel=\"noreferrer noopener\">Yvonne Plum<\/a>. Das Buch ist in unserem <a href=\"https:\/\/cologneweb.com\/AbisZ\/service\/shop\/\">Shop<\/a> erh\u00e4ltlich.<\/p>\n\n\n\n<p class=\"has-light-gray-background-color has-background\"><em>Empfohlenes Alter: 6-10 Jahre, Begleitung durch Erwachsene erforderlich.  <\/em><\/p>\n\n\n\n<p class=\"has-light-gray-background-color has-background\">Max. 30 Personen<\/p>\n\n\n\n<p class=\"has-light-gray-background-color has-background\">Dauer: 1 &#8211; 1,5 Std.<\/p>\n\n\n\n<p class=\"has-light-gray-background-color has-background\">Treffpunkt: Heinzelm\u00e4nnchenbrunnen, Am Hof                 <\/p>\n\n\n\n<p class=\"has-light-gray-background-color has-background\">Gruppenpreis: \u20ac 165,-<\/p>\n\n\n\n<p class=\"has-yellow-background-color has-background\"><a href=\"https:\/\/buchung.insidecologne.de\/de\/buchung?tid=69\">Diese Veranstaltung (Helden und Heilige) anfragen oder buchen<\/a><\/p>\n","protected":false},"excerpt":{"rendered":"<p>Ursula war der Legende nach die fromme Tochter des K\u00f6nigs der Bretagne, Maurus. Der K\u00f6nig von England h\u00f6rte von ihrer gro\u00dfen Tugend, Weisheit und Sch\u00f6nheit und wollte, da\u00df sie seinen einzigen Sohn, Conanus, heiraten sollte. So reisten Gesandte zum Hofe des K\u00f6nigs Maurus. Als sie merkten, da\u00df der K\u00f6nig wenig Lust hatte, seine Tochter mit &hellip; <a href=\"https:\/\/cologneweb.com\/AbisZ\/service\/st-ursula-stadtpatronin-von-koeln\/\" class=\"more-link\"><span class=\"screen-reader-text\">\u201eSt. Ursula &#8211; Stadtpatronin von K\u00f6ln\u201c<\/span> weiterlesen<\/a><\/p>\n","protected":false},"author":1,"featured_media":0,"parent":23,"menu_order":0,"comment_status":"closed","ping_status":"closed","template":"","meta":{"footnotes":""},"class_list":["post-229","page","type-page","status-publish","hentry"],"_links":{"self":[{"href":"https:\/\/cologneweb.com\/AbisZ\/wp-json\/wp\/v2\/pages\/229","targetHints":{"allow":["GET"]}}],"collection":[{"href":"https:\/\/cologneweb.com\/AbisZ\/wp-json\/wp\/v2\/pages"}],"about":[{"href":"https:\/\/cologneweb.com\/AbisZ\/wp-json\/wp\/v2\/types\/page"}],"author":[{"embeddable":true,"href":"https:\/\/cologneweb.com\/AbisZ\/wp-json\/wp\/v2\/users\/1"}],"replies":[{"embeddable":true,"href":"https:\/\/cologneweb.com\/AbisZ\/wp-json\/wp\/v2\/comments?post=229"}],"version-history":[{"count":23,"href":"https:\/\/cologneweb.com\/AbisZ\/wp-json\/wp\/v2\/pages\/229\/revisions"}],"predecessor-version":[{"id":5124,"href":"https:\/\/cologneweb.com\/AbisZ\/wp-json\/wp\/v2\/pages\/229\/revisions\/5124"}],"up":[{"embeddable":true,"href":"https:\/\/cologneweb.com\/AbisZ\/wp-json\/wp\/v2\/pages\/23"}],"wp:attachment":[{"href":"https:\/\/cologneweb.com\/AbisZ\/wp-json\/wp\/v2\/media?parent=229"}],"curies":[{"name":"wp","href":"https:\/\/api.w.org\/{rel}","templated":true}]}}